{"id":5424,"date":"2021-03-04T16:41:19","date_gmt":"2021-03-04T16:41:19","guid":{"rendered":"https:\/\/hrfactory.com\/?page_id=5424"},"modified":"2023-04-19T09:24:22","modified_gmt":"2023-04-19T09:24:22","slug":"hr-experts","status":"publish","type":"page","link":"https:\/\/hrfactory.com\/de\/germany\/hr-experts\/","title":{"rendered":"HR Experts"},"content":{"rendered":"\n<h1 class=\"is-style-hrfactory-redline-heading wp-block-heading\"><strong>UNSERE HR EXPERTS STEHEN F\u00dcR QUALIT\u00c4T. EXPERTISE. FLEXIBILIT\u00c4T.<\/strong><\/h1>\n\n\n\n<div class=\"wp-block-cover is-light is-style-hrfactory-title\"><span aria-hidden=\"true\" class=\"has-background-dim-0 wp-block-cover__gradient-background has-background-dim\"><\/span><img fetchpriority=\"high\" decoding=\"async\" width=\"1500\" height=\"1000\" class=\"wp-block-cover__image-background wp-image-10610\" alt=\"\" src=\"https:\/\/hrfactory.com\/wp-content\/uploads\/2021\/07\/HR-factoy-HR-Expert-3.jpg\" style=\"object-position:0% 63%\" data-object-fit=\"cover\" data-object-position=\"0% 63%\" srcset=\"https:\/\/hrfactory.com\/wp-content\/uploads\/2021\/07\/HR-factoy-HR-Expert-3.jpg 1500w, https:\/\/hrfactory.com\/wp-content\/uploads\/2021\/07\/HR-factoy-HR-Expert-3-300x200.jpg 300w, https:\/\/hrfactory.com\/wp-content\/uploads\/2021\/07\/HR-factoy-HR-Expert-3-1024x683.jpg 1024w, https:\/\/hrfactory.com\/wp-content\/uploads\/2021\/07\/HR-factoy-HR-Expert-3-768x512.jpg 768w, https:\/\/hrfactory.com\/wp-content\/uploads\/2021\/07\/HR-factoy-HR-Expert-3-600x400.jpg 600w\" sizes=\"(max-width: 1500px) 100vw, 1500px\" \/><div class=\"wp-block-cover__inner-container is-layout-flow wp-block-cover-is-layout-flow\">\n<p class=\"has-text-align-center has-large-font-size\"><\/p>\n<\/div><\/div>\n\n\n\n<div style=\"height:75px\" aria-hidden=\"true\" class=\"wp-block-spacer\"><\/div>\n\n\n\n<h2 class=\"is-style-hrfactory-redline-heading wp-block-heading\"><strong>UNSERE HR EXPERTS. AUF AUGENH\u00d6HE.<\/strong><\/h2>\n\n\n\n<p><strong>Mit wem arbeitest du zuk\u00fcnftig zusammen? Wir stellen uns gerne vor.<\/strong><br>Uns als HR Experts treibt die pers\u00f6nliche Begeisterung f\u00fcr HR an. Dabei verfolgen wir jeden Tag unsere Mission, eine bessere Arbeitswelt f\u00fcr alle zu schaffen.<\/p>\n\n\n\n<p><strong>Was bei uns den Unterschied macht? Unsere Projektkarriere.<\/strong><br>Aus verschiedensten Kundenprojekten konnten und k\u00f6nnen unsere HR Experts innerhalb k\u00fcrzester Zeit generalistisches oder tiefgreifendes Fachwissen und Erfahrungen in den HR Disziplinen sammeln \u2013 und zwar in unterschiedlichsten Branchen und Unternehmensgr\u00f6\u00dfen. Unsere Expertise beruht dabei auf pers\u00f6nlichen Erfahrungen und Wissensvorspr\u00fcngen durch den st\u00e4ndigen und aktiven Austausch, intern sowie extern. Dadurch k\u00f6nnen wir dir ein hohes Ma\u00df an Qualit\u00e4t sowie maximale Flexibilit\u00e4t bieten.<\/p>\n\n\n\n<div style=\"height:75px\" aria-hidden=\"true\" class=\"wp-block-spacer\"><\/div>\n\n\n\n<h2 class=\"is-style-hrfactory-redline-heading wp-block-heading\"><strong>JEDE HERAUS\u00adFORDERUNG IST INDIVIDUELL. UNSERE HR EXPERTS SIND ES AUCH.<\/strong><\/h2>\n\n\n\n<p>In unserem Team findest du alle Qualifikationslevel wieder, von Junior HR Experts bis zu Senior HR Experts. So k\u00f6nnen wir dich schnell und passgenau bei deiner individuellen Herausforderung in HR unterst\u00fctzen. <\/p>\n\n\n\n<p><strong>Wie wir das machen?<\/strong> Das entscheidest du! Unsere HR Experts entlasten dein HR Team deutschlandweit bei dir vor Ort, in remote oder aus unseren B\u00fcros in M\u00fcnchen. Auch bzgl. der vertraglichen Art der Zusammenarbeit sind wir flexibel und verf\u00fcgen \u00fcber Erfahrung in der kurz-, mittel- oder langfristigen Zusammenarbeit.<\/p>\n\n\n\n<p><strong>Was du auf jeden Fall von allen erwarten kannst?<\/strong> Eine schnelle, effiziente und bed\u00fcrfnisorientierte L\u00f6sung sowie eine Entlastung der HR Abteilung und somit einen Mehrwert f\u00fcr dein HR Team ab dem ersten Tag.<\/p>\n\n\n\n<div style=\"height:45px\" aria-hidden=\"true\" class=\"wp-block-spacer\"><\/div>\n\n\n\n<div class=\"wp-block-ds-ds-container hrfactory-connector scrollfill ds-block-container\"><div class=\"ds-container-inside\"><div class=\"ds-container-content\">\n<div class=\"wp-block-columns is-layout-flex wp-container-5 wp-block-columns-is-layout-flex\">\n<div class=\"wp-block-column order3 is-layout-flow wp-block-column-is-layout-flow\">\n<ul class=\"is-style-ds-list-square\"><li>Erste Berufserfahrung<\/li><li>Fokus auf operative HR Themen<\/li><li>Grundlegende HR Kenntnisse, Prozessverst\u00e4ndnis<\/li><\/ul>\n<\/div>\n\n\n\n<div class=\"wp-block-column order1 is-layout-flow wp-block-column-is-layout-flow\">\n<h2 class=\"has-text-align-center centeractivate has-white-background-color has-background wp-block-heading\">Junior HR Expert<\/h2>\n<\/div>\n\n\n\n<div class=\"wp-block-column order2 is-layout-flow wp-block-column-is-layout-flow\">\n<figure class=\"wp-block-image size-large\"><img decoding=\"async\" width=\"665\" height=\"465\" src=\"https:\/\/hrfactory.com\/wp-content\/uploads\/2021\/06\/HR-factory-Junior-HR-Expert-1.jpg\" alt=\"Junior HR Expert arbeitet am Laptop auf Couch\" class=\"wp-image-10034\" srcset=\"https:\/\/hrfactory.com\/wp-content\/uploads\/2021\/06\/HR-factory-Junior-HR-Expert-1.jpg 665w, https:\/\/hrfactory.com\/wp-content\/uploads\/2021\/06\/HR-factory-Junior-HR-Expert-1-300x210.jpg 300w\" sizes=\"(max-width: 665px) 100vw, 665px\" \/><\/figure>\n<\/div>\n<\/div>\n\n\n\n<div style=\"height:100px\" aria-hidden=\"true\" class=\"wp-block-spacer\"><\/div>\n\n\n\n<div class=\"wp-block-columns is-layout-flex wp-container-9 wp-block-columns-is-layout-flex\">\n<div class=\"wp-block-column order2 is-layout-flow wp-block-column-is-layout-flow\">\n<figure class=\"wp-block-image size-large is-resized order2\"><img decoding=\"async\" src=\"https:\/\/hrfactory.com\/wp-content\/uploads\/2021\/06\/HR-factory-HR-Expert.jpg\" alt=\"HR Expert lehnt an B\u00fcroglaswand\" class=\"wp-image-10054\" width=\"303\" height=\"428\" srcset=\"https:\/\/hrfactory.com\/wp-content\/uploads\/2021\/06\/HR-factory-HR-Expert.jpg 605w, https:\/\/hrfactory.com\/wp-content\/uploads\/2021\/06\/HR-factory-HR-Expert-212x300.jpg 212w\" sizes=\"(max-width: 303px) 100vw, 303px\" \/><\/figure>\n<\/div>\n\n\n\n<div class=\"wp-block-column order1 is-layout-flow wp-block-column-is-layout-flow\">\n<h2 class=\"has-text-align-center centeractivate has-white-background-color has-background wp-block-heading\">HR Expert<\/h2>\n<\/div>\n\n\n\n<div class=\"wp-block-column order3 is-layout-flow wp-block-column-is-layout-flow\">\n<ul class=\"is-style-ds-list-square\"><li>Mindestens zwei Jahre HR Erfahrung<\/li><li>Fokus auf operative HR Themen<\/li><li>Fortgeschrittene HR Kenntnisse<\/li><\/ul>\n<\/div>\n<\/div>\n\n\n\n<div style=\"height:100px\" aria-hidden=\"true\" class=\"wp-block-spacer\"><\/div>\n\n\n\n<div class=\"wp-block-columns is-layout-flex wp-container-13 wp-block-columns-is-layout-flex\">\n<div class=\"wp-block-column order3 is-layout-flow wp-block-column-is-layout-flow\">\n<ul class=\"is-style-ds-list-square\"><li>Mindestens f\u00fcnf Jahre HR Erfahrung<\/li><li>Fokus auf operative und strategische HR Themen, Blick f\u00fcr Prozessoptimierungen<\/li><li>Tiefgreifende HR Kenntnisse<\/li><\/ul>\n<\/div>\n\n\n\n<div class=\"wp-block-column order1 is-layout-flow wp-block-column-is-layout-flow\">\n<h2 class=\"has-text-align-center centeractivate has-white-background-color has-background wp-block-heading\">Senior HR Expert<\/h2>\n<\/div>\n\n\n\n<div class=\"wp-block-column order2 is-layout-flow wp-block-column-is-layout-flow\">\n<figure class=\"wp-block-image size-large\"><img loading=\"lazy\" decoding=\"async\" width=\"665\" height=\"465\" src=\"https:\/\/hrfactory.com\/wp-content\/uploads\/2021\/07\/HR-factory-Senior-HR-Expert.jpg\" alt=\"L\u00e4chelnde Senior HR Expert mit Tablet\" class=\"wp-image-10363\" srcset=\"https:\/\/hrfactory.com\/wp-content\/uploads\/2021\/07\/HR-factory-Senior-HR-Expert.jpg 665w, https:\/\/hrfactory.com\/wp-content\/uploads\/2021\/07\/HR-factory-Senior-HR-Expert-300x210.jpg 300w\" sizes=\"(max-width: 665px) 100vw, 665px\" \/><\/figure>\n<\/div>\n<\/div>\n\n\n\n<div style=\"height:100px\" aria-hidden=\"true\" class=\"wp-block-spacer\"><\/div>\n\n\n\n<div class=\"wp-block-columns is-layout-flex wp-container-17 wp-block-columns-is-layout-flex\">\n<div class=\"wp-block-column order2 is-layout-flow wp-block-column-is-layout-flow\">\n<figure class=\"wp-block-image size-large is-resized order2\"><img loading=\"lazy\" decoding=\"async\" src=\"https:\/\/hrfactory.com\/wp-content\/uploads\/2021\/06\/HR-factory-Knowledge-Lead.jpg\" alt=\"Senior HR Expert arbeitet am Laptop\" class=\"wp-image-10050\" width=\"303\" height=\"428\" srcset=\"https:\/\/hrfactory.com\/wp-content\/uploads\/2021\/06\/HR-factory-Knowledge-Lead.jpg 605w, https:\/\/hrfactory.com\/wp-content\/uploads\/2021\/06\/HR-factory-Knowledge-Lead-212x300.jpg 212w\" sizes=\"(max-width: 303px) 100vw, 303px\" \/><\/figure>\n<\/div>\n\n\n\n<div class=\"wp-block-column order1 is-layout-flow wp-block-column-is-layout-flow\">\n<h2 class=\"has-text-align-center centeractivate has-white-background-color has-background wp-block-heading\">Knowledge Lead<\/h2>\n<\/div>\n\n\n\n<div class=\"wp-block-column order3 is-layout-flow wp-block-column-is-layout-flow\">\n<ul class=\"is-style-ds-list-square\"><li>Absoluter HR Expert auf einem definierten Gebiet<\/li><li>Jederzeit in der Lage, strategisch und prozessverbessernd zu arbeiten<\/li><li>Innovationstreiber und HR Optimierer<\/li><\/ul>\n<\/div>\n<\/div>\n<\/div><\/div><\/div>\n\n\n\n<div style=\"height:150px\" aria-hidden=\"true\" class=\"wp-block-spacer\"><\/div>\n\n\n\n<h2 class=\"is-style-hrfactory-redline-heading wp-block-heading\"><strong>WIE L\u00c4UFT DIE PROJEKTKARRIERE UNSERER HR EXPERTS AB?<\/strong><\/h2>\n\n\n\n<div class=\"wp-block-ds-ds-swipercontainer mobilecenterbuttons ds-swiperblock-container\"><div class=\"ds-swipercontainer--inside swiper-container\" id=\"swipercontainer69efa89559fec\"><div class=\"ds-swipercontainer--content swiper-wrapper\" style=\"max-width:1600px\">\n<div class=\"wp-block-columns swiper-slide is-style-ds-1-2 is-layout-flex wp-container-20 wp-block-columns-is-layout-flex\">\n<div class=\"wp-block-column is-layout-flow wp-block-column-is-layout-flow\" style=\"flex-basis:33.33%\">\n<figure class=\"wp-block-image size-large\"><img loading=\"lazy\" decoding=\"async\" width=\"700\" height=\"700\" src=\"https:\/\/hrfactory.com\/wp-content\/uploads\/2021\/07\/Projektkarriere-Amely-Aboud.jpg\" alt=\"HR Expertin l\u00e4chelt vor Meetingraum\" class=\"wp-image-10271\" srcset=\"https:\/\/hrfactory.com\/wp-content\/uploads\/2021\/07\/Projektkarriere-Amely-Aboud.jpg 700w, https:\/\/hrfactory.com\/wp-content\/uploads\/2021\/07\/Projektkarriere-Amely-Aboud-300x300.jpg 300w, https:\/\/hrfactory.com\/wp-content\/uploads\/2021\/07\/Projektkarriere-Amely-Aboud-150x150.jpg 150w, https:\/\/hrfactory.com\/wp-content\/uploads\/2021\/07\/Projektkarriere-Amely-Aboud-600x600.jpg 600w\" sizes=\"(max-width: 700px) 100vw, 700px\" \/><\/figure>\n<\/div>\n\n\n\n<div class=\"wp-block-column is-layout-flow wp-block-column-is-layout-flow\" style=\"flex-basis:66.66%\">\n<p class=\"has-larger-font-size\">Was die Projektkarriere f\u00fcr Amely bedeutet<\/p>\n\n\n\n<p>Urspr\u00fcnglich komme ich aus der Unternehmensberatung mit dem Schwerpunkt HR &amp; Change sowie der Personalberatung mit dem Themenfeld Engineering &amp; IT. Seit 2019 kann ich meine gesammelten Erfahrungen mit den Vorteilen der Diversit\u00e4t der Projektkarriere verkn\u00fcpfen. Ich bin in den verschiedensten Formen des Recruitings als inhouse Sparringpartner f\u00fcr unsere Kunden t\u00e4tig und kann mich stets beruflich und pers\u00f6nlich weiterentwickeln. Bisher konnte ich in vier Projekten spannende Eindr\u00fccke sowie interessante Menschen und Unternehmen kennenlernen. Mir gef\u00e4llt es besonders, immer wieder in neue Aufgabenfelder, Prozessabl\u00e4ufe und Branchen einzutauchen und neben dem operativen Tagesgesch\u00e4ft auch beratend t\u00e4tig zu sein. Ein weiterer f\u00fcr mich sehr wichtiger Punkt: ich identifiziere mich zu hundert Prozent mit unseren gelebten Werten im Unternehmen und all den tollen Kolleg:innen.<\/p>\n<\/div>\n<\/div>\n\n\n\n<div class=\"wp-block-columns swiper-slide is-style-ds-1-2 is-layout-flex wp-container-23 wp-block-columns-is-layout-flex\">\n<div class=\"wp-block-column is-layout-flow wp-block-column-is-layout-flow\" style=\"flex-basis:33.33%\">\n<figure class=\"wp-block-image size-large\"><img loading=\"lazy\" decoding=\"async\" width=\"700\" height=\"700\" src=\"https:\/\/hrfactory.com\/wp-content\/uploads\/2021\/07\/Projektkarriere-Alexandra-Sirtl.jpg\" alt=\"Freundlich l\u00e4chelnder HR Expert\" class=\"wp-image-10267\" srcset=\"https:\/\/hrfactory.com\/wp-content\/uploads\/2021\/07\/Projektkarriere-Alexandra-Sirtl.jpg 700w, https:\/\/hrfactory.com\/wp-content\/uploads\/2021\/07\/Projektkarriere-Alexandra-Sirtl-300x300.jpg 300w, https:\/\/hrfactory.com\/wp-content\/uploads\/2021\/07\/Projektkarriere-Alexandra-Sirtl-150x150.jpg 150w, https:\/\/hrfactory.com\/wp-content\/uploads\/2021\/07\/Projektkarriere-Alexandra-Sirtl-600x600.jpg 600w\" sizes=\"(max-width: 700px) 100vw, 700px\" \/><\/figure>\n<\/div>\n\n\n\n<div class=\"wp-block-column is-layout-flow wp-block-column-is-layout-flow\" style=\"flex-basis:66.66%\">\n<p class=\"has-larger-font-size\">Was die Projektkarriere f\u00fcr Alexandra bedeutet<\/p>\n\n\n\n<p>Seit meinem Einstieg als Junior HR Expert habe ich bereits vier HR Projekte erfolgreich abgeschlossen, das f\u00fcnfte ist eben erst angelaufen. Die T\u00e4tigkeiten in allen meinen Projekten umfassten sowohl die HR Administration als auch das Recruiting, jeweils mit unterschiedlichem Fokus. Insgesamt durfte ich w\u00e4hrend meiner bisherigen T\u00e4tigkeit als HR Expert die verschiedensten Unternehmen, Branchen, HR Abteilungen und Tools kennenlernen. Ich erlebte es, in gro\u00dfen und kleinen Firmen sowie HR Teams, mit oder ohne Betriebsrat, toolgest\u00fctzt oder ohne zu arbeiten und konnte mich pers\u00f6nlich und fachlich weiterentwickeln. Wie es ist, in wechselnden HR Projekten zu arbeiten? Klar, es fordert Engagement, Flexibilit\u00e4t und Anpassungsf\u00e4higkeit \u2013 aber man lernt wirklich viel. Ich sch\u00e4tze vor allem auch den Austausch der HR Experts untereinander.<\/p>\n<\/div>\n<\/div>\n\n\n\n<div class=\"wp-block-columns swiper-slide is-style-ds-1-2 is-layout-flex wp-container-26 wp-block-columns-is-layout-flex\">\n<div class=\"wp-block-column is-layout-flow wp-block-column-is-layout-flow\" style=\"flex-basis:33.33%\">\n<figure class=\"wp-block-image size-large\"><img loading=\"lazy\" decoding=\"async\" width=\"700\" height=\"700\" src=\"https:\/\/hrfactory.com\/wp-content\/uploads\/2021\/02\/HR-factory-HR-Expert-Johanna-Mader.jpg\" alt=\"Portrait einer Mitarbeiterin von HR factory\" class=\"wp-image-4491\" srcset=\"https:\/\/hrfactory.com\/wp-content\/uploads\/2021\/02\/HR-factory-HR-Expert-Johanna-Mader.jpg 700w, https:\/\/hrfactory.com\/wp-content\/uploads\/2021\/02\/HR-factory-HR-Expert-Johanna-Mader-300x300.jpg 300w, https:\/\/hrfactory.com\/wp-content\/uploads\/2021\/02\/HR-factory-HR-Expert-Johanna-Mader-150x150.jpg 150w, https:\/\/hrfactory.com\/wp-content\/uploads\/2021\/02\/HR-factory-HR-Expert-Johanna-Mader-600x600.jpg 600w\" sizes=\"(max-width: 700px) 100vw, 700px\" \/><\/figure>\n<\/div>\n\n\n\n<div class=\"wp-block-column is-layout-flow wp-block-column-is-layout-flow\" style=\"flex-basis:66.66%\">\n<p class=\"has-larger-font-size\">Was die Projektkarriere f\u00fcr Johanna bedeutet<\/p>\n\n\n\n<p>Ich erinnere mich noch gut an meinen Start als Junior HR Expert. Man hatte mir versprochen ich k\u00f6nnte in k\u00fcrzester Zeit unterschiedlichste Erfahrungen in HR sammeln, meine fachlichen und pers\u00f6nlichen F\u00e4higkeiten weiterentwickeln und mir ein berufliches Netzwerk aufbauen. Tats\u00e4chlich konnte ich seitdem bereits vier sehr unterschiedliche Projekte durchlaufen. Nach dem Einstieg im Active Sourcing Team \u00fcbernahm ich in Folge ein Projekt im Start-up, welches es mir erm\u00f6glichte, mich generalistischer aufzustellen, strategisch und operativ zu arbeiten und an der Implementierung eines HR Tools mitzuwirken. Anschlie\u00dfend wechselte ich in eines unserer \u201eHR Expert Teams\u201c, in welchem wir T\u00e4tigkeiten im Bereich HR Administration von A-Z f\u00fcr einige Unternehmen \u00fcbernehmen. In diesem Zusammenhang habe ich die interne Schulungsreihe ADMIN World ins Leben gerufen, um den fachlichen Austausch unter den HR Experts zu st\u00e4rken. Seit kurzem habe ich ein zus\u00e4tzliches Projekt in einem global agierenden Unternehmen angenommen, in welchem ich u.a. die Einf\u00fchrung eines umfassenden HR Tools begleiten werde. Die Abwechslung, die mir die Rolle als HR Expert bietet, ist f\u00fcr mich einmalig. Ich habe mich fachlich und pers\u00f6nlich unfassbar schnell weiterentwickelt und bin dankbar, Teil eines so menschlichen, zukunftsorientierten Unternehmens sein zu d\u00fcrfen.<\/p>\n<\/div>\n<\/div>\n<\/div><div class=\"swipercontainer-button-prev swiper-button-prev swiper-button-white\"><\/div><div class=\"swipercontainer-button-next swiper-button-next swiper-button-white\"><\/div><div class=\"swipercontainer-pagination swiper-pagination swiper-pagination-clickable swipercontainer-pagination-bullets\"><\/div><\/div><\/div>\n\n\n\n<div style=\"height:200px\" aria-hidden=\"true\" class=\"wp-block-spacer\"><\/div>\n\n\n\n<a href=\"https:\/\/hrfactory.com\/de\/germany\/hr-job-karriere\/\" class=\"nounderline\">\n\n\n\n<div class=\"wp-block-cover alignfull\" style=\"min-height:300px\"><span aria-hidden=\"true\" class=\"has-background-dim-100 wp-block-cover__gradient-background has-background-dim\" style=\"background-color:#323c50\"><\/span><div class=\"wp-block-cover__inner-container is-layout-flow wp-block-cover-is-layout-flow\">\n<p class=\"has-text-align-center is-style-hrfactory-whiteline has-white-color has-text-color\" style=\"font-size:36px\">Zu unserer Karriereseite<\/p>\n<\/div><\/div>\n\n\n\n<\/a>\n","protected":false},"excerpt":{"rendered":"<p>UNSERE HR EXPERTS STEHEN F\u00dcR QUALIT\u00c4T. EXPERTISE. FLEXIBILIT\u00c4T. UNSERE HR EXPERTS. AUF AUGENH\u00d6HE. Mit wem arbeitest du zuk\u00fcnftig zusammen? Wir stellen uns gerne vor.Uns als HR Experts treibt die pers\u00f6nliche Begeisterung f\u00fcr HR&#8230; <a class=\"read-more\" href=\"https:\/\/hrfactory.com\/de\/germany\/hr-experts\/\">Weiterlesen<\/a><\/p>\n","protected":false},"author":1,"featured_media":10610,"parent":77,"menu_order":0,"comment_status":"closed","ping_status":"closed","template":"template-nohero.php","meta":{"content-type":"","_uag_custom_page_level_css":"","footnotes":""},"yoast_head":"<!-- This site is optimized with the Yoast SEO plugin v22.4 - https:\/\/yoast.com\/wordpress\/plugins\/seo\/ -->\n<title>Unsere HR Experts: Qualit\u00e4t. Expertise. Flexibilit\u00e4t | HR factory<\/title>\n<meta name=\"description\" content=\"Unsere HR-Experts - Alle Qualifikationslevel - von Junior bis Senior \u2713 Arbeitnehmer\u00fcberlassung &amp; Werkvertrag \u25b6 Erhalte hier mehr Informationen.\" \/>\n<meta name=\"robots\" content=\"index, follow, max-snippet:-1, max-image-preview:large, max-video-preview:-1\" \/>\n<link rel=\"canonical\" href=\"https:\/\/hrfactory.com\/de\/germany\/hr-experts\/\" \/>\n<meta property=\"og:locale\" content=\"de_DE\" \/>\n<meta property=\"og:type\" content=\"article\" \/>\n<meta property=\"og:title\" content=\"Unsere HR Experts: Qualit\u00e4t. Expertise. Flexibilit\u00e4t | HR factory\" \/>\n<meta property=\"og:description\" content=\"Unsere HR-Experts - Alle Qualifikationslevel - von Junior bis Senior \u2713 Arbeitnehmer\u00fcberlassung &amp; Werkvertrag \u25b6 Erhalte hier mehr Informationen.\" \/>\n<meta property=\"og:url\" content=\"https:\/\/hrfactory.com\/de\/germany\/hr-experts\/\" \/>\n<meta property=\"og:site_name\" content=\"HR factory\" \/>\n<meta property=\"article:modified_time\" content=\"2023-04-19T09:24:22+00:00\" \/>\n<meta property=\"og:image\" content=\"https:\/\/hrfactory.com\/wp-content\/uploads\/2021\/07\/HR-factoy-HR-Expert-3.jpg\" \/>\n\t<meta property=\"og:image:width\" content=\"1500\" \/>\n\t<meta property=\"og:image:height\" content=\"1000\" \/>\n\t<meta property=\"og:image:type\" content=\"image\/jpeg\" \/>\n<meta name=\"twitter:card\" content=\"summary_large_image\" \/>\n<meta name=\"twitter:label1\" content=\"Gesch\u00e4tzte Lesezeit\" \/>\n\t<meta name=\"twitter:data1\" content=\"5\u00a0Minuten\" \/>\n<script type=\"application\/ld+json\" class=\"yoast-schema-graph\">{\"@context\":\"https:\/\/schema.org\",\"@graph\":[{\"@type\":\"WebPage\",\"@id\":\"https:\/\/hrfactory.com\/de\/germany\/hr-experts\/\",\"url\":\"https:\/\/hrfactory.com\/de\/germany\/hr-experts\/\",\"name\":\"Unsere HR Experts: Qualit\u00e4t. Expertise. Flexibilit\u00e4t | HR factory\",\"isPartOf\":{\"@id\":\"https:\/\/hrfactory.com\/#website\"},\"primaryImageOfPage\":{\"@id\":\"https:\/\/hrfactory.com\/de\/germany\/hr-experts\/#primaryimage\"},\"image\":{\"@id\":\"https:\/\/hrfactory.com\/de\/germany\/hr-experts\/#primaryimage\"},\"thumbnailUrl\":\"https:\/\/hrfactory.com\/wp-content\/uploads\/2021\/07\/HR-factoy-HR-Expert-3.jpg\",\"datePublished\":\"2021-03-04T16:41:19+00:00\",\"dateModified\":\"2023-04-19T09:24:22+00:00\",\"description\":\"Unsere HR-Experts - Alle Qualifikationslevel - von Junior bis Senior \u2713 Arbeitnehmer\u00fcberlassung & Werkvertrag \u25b6 Erhalte hier mehr Informationen.\",\"breadcrumb\":{\"@id\":\"https:\/\/hrfactory.com\/de\/germany\/hr-experts\/#breadcrumb\"},\"inLanguage\":\"de\",\"potentialAction\":[{\"@type\":\"ReadAction\",\"target\":[\"https:\/\/hrfactory.com\/de\/germany\/hr-experts\/\"]}]},{\"@type\":\"ImageObject\",\"inLanguage\":\"de\",\"@id\":\"https:\/\/hrfactory.com\/de\/germany\/hr-experts\/#primaryimage\",\"url\":\"https:\/\/hrfactory.com\/wp-content\/uploads\/2021\/07\/HR-factoy-HR-Expert-3.jpg\",\"contentUrl\":\"https:\/\/hrfactory.com\/wp-content\/uploads\/2021\/07\/HR-factoy-HR-Expert-3.jpg\",\"width\":1500,\"height\":1000,\"caption\":\"HR Experts der HR factory\"},{\"@type\":\"BreadcrumbList\",\"@id\":\"https:\/\/hrfactory.com\/de\/germany\/hr-experts\/#breadcrumb\",\"itemListElement\":[{\"@type\":\"ListItem\",\"position\":1,\"name\":\"Home\",\"item\":\"https:\/\/hrfactory.com\/de\/\"},{\"@type\":\"ListItem\",\"position\":2,\"name\":\"Germany Home\",\"item\":\"https:\/\/hrfactory.com\/de\/germany\/\"},{\"@type\":\"ListItem\",\"position\":3,\"name\":\"HR Experts\"}]},{\"@type\":\"WebSite\",\"@id\":\"https:\/\/hrfactory.com\/#website\",\"url\":\"https:\/\/hrfactory.com\/\",\"name\":\"HR factory\",\"description\":\"Home of HR Experts\",\"publisher\":{\"@id\":\"https:\/\/hrfactory.com\/#organization\"},\"potentialAction\":[{\"@type\":\"SearchAction\",\"target\":{\"@type\":\"EntryPoint\",\"urlTemplate\":\"https:\/\/hrfactory.com\/?s={search_term_string}\"},\"query-input\":\"required name=search_term_string\"}],\"inLanguage\":\"de\"},{\"@type\":\"Organization\",\"@id\":\"https:\/\/hrfactory.com\/#organization\",\"name\":\"HR factory\",\"url\":\"https:\/\/hrfactory.com\/\",\"logo\":{\"@type\":\"ImageObject\",\"inLanguage\":\"de\",\"@id\":\"https:\/\/hrfactory.com\/#\/schema\/logo\/image\/\",\"url\":\"https:\/\/hrfactory.com\/wp-content\/uploads\/2022\/11\/cropped-HR-factory-2.png\",\"contentUrl\":\"https:\/\/hrfactory.com\/wp-content\/uploads\/2022\/11\/cropped-HR-factory-2.png\",\"width\":350,\"height\":55,\"caption\":\"HR factory\"},\"image\":{\"@id\":\"https:\/\/hrfactory.com\/#\/schema\/logo\/image\/\"}}]}<\/script>\n<!-- \/ Yoast SEO plugin. -->","yoast_head_json":{"title":"Unsere HR Experts: Qualit\u00e4t. Expertise. Flexibilit\u00e4t | HR factory","description":"Unsere HR-Experts - Alle Qualifikationslevel - von Junior bis Senior \u2713 Arbeitnehmer\u00fcberlassung & Werkvertrag \u25b6 Erhalte hier mehr Informationen.","robots":{"index":"index","follow":"follow","max-snippet":"max-snippet:-1","max-image-preview":"max-image-preview:large","max-video-preview":"max-video-preview:-1"},"canonical":"https:\/\/hrfactory.com\/de\/germany\/hr-experts\/","og_locale":"de_DE","og_type":"article","og_title":"Unsere HR Experts: Qualit\u00e4t. Expertise. Flexibilit\u00e4t | HR factory","og_description":"Unsere HR-Experts - Alle Qualifikationslevel - von Junior bis Senior \u2713 Arbeitnehmer\u00fcberlassung & Werkvertrag \u25b6 Erhalte hier mehr Informationen.","og_url":"https:\/\/hrfactory.com\/de\/germany\/hr-experts\/","og_site_name":"HR factory","article_modified_time":"2023-04-19T09:24:22+00:00","og_image":[{"width":1500,"height":1000,"url":"https:\/\/hrfactory.com\/wp-content\/uploads\/2021\/07\/HR-factoy-HR-Expert-3.jpg","type":"image\/jpeg"}],"twitter_card":"summary_large_image","twitter_misc":{"Gesch\u00e4tzte Lesezeit":"5\u00a0Minuten"},"schema":{"@context":"https:\/\/schema.org","@graph":[{"@type":"WebPage","@id":"https:\/\/hrfactory.com\/de\/germany\/hr-experts\/","url":"https:\/\/hrfactory.com\/de\/germany\/hr-experts\/","name":"Unsere HR Experts: Qualit\u00e4t. Expertise. Flexibilit\u00e4t | HR factory","isPartOf":{"@id":"https:\/\/hrfactory.com\/#website"},"primaryImageOfPage":{"@id":"https:\/\/hrfactory.com\/de\/germany\/hr-experts\/#primaryimage"},"image":{"@id":"https:\/\/hrfactory.com\/de\/germany\/hr-experts\/#primaryimage"},"thumbnailUrl":"https:\/\/hrfactory.com\/wp-content\/uploads\/2021\/07\/HR-factoy-HR-Expert-3.jpg","datePublished":"2021-03-04T16:41:19+00:00","dateModified":"2023-04-19T09:24:22+00:00","description":"Unsere HR-Experts - Alle Qualifikationslevel - von Junior bis Senior \u2713 Arbeitnehmer\u00fcberlassung & Werkvertrag \u25b6 Erhalte hier mehr Informationen.","breadcrumb":{"@id":"https:\/\/hrfactory.com\/de\/germany\/hr-experts\/#breadcrumb"},"inLanguage":"de","potentialAction":[{"@type":"ReadAction","target":["https:\/\/hrfactory.com\/de\/germany\/hr-experts\/"]}]},{"@type":"ImageObject","inLanguage":"de","@id":"https:\/\/hrfactory.com\/de\/germany\/hr-experts\/#primaryimage","url":"https:\/\/hrfactory.com\/wp-content\/uploads\/2021\/07\/HR-factoy-HR-Expert-3.jpg","contentUrl":"https:\/\/hrfactory.com\/wp-content\/uploads\/2021\/07\/HR-factoy-HR-Expert-3.jpg","width":1500,"height":1000,"caption":"HR Experts der HR factory"},{"@type":"BreadcrumbList","@id":"https:\/\/hrfactory.com\/de\/germany\/hr-experts\/#breadcrumb","itemListElement":[{"@type":"ListItem","position":1,"name":"Home","item":"https:\/\/hrfactory.com\/de\/"},{"@type":"ListItem","position":2,"name":"Germany Home","item":"https:\/\/hrfactory.com\/de\/germany\/"},{"@type":"ListItem","position":3,"name":"HR Experts"}]},{"@type":"WebSite","@id":"https:\/\/hrfactory.com\/#website","url":"https:\/\/hrfactory.com\/","name":"HR factory","description":"Home of HR Experts","publisher":{"@id":"https:\/\/hrfactory.com\/#organization"},"potentialAction":[{"@type":"SearchAction","target":{"@type":"EntryPoint","urlTemplate":"https:\/\/hrfactory.com\/?s={search_term_string}"},"query-input":"required name=search_term_string"}],"inLanguage":"de"},{"@type":"Organization","@id":"https:\/\/hrfactory.com\/#organization","name":"HR factory","url":"https:\/\/hrfactory.com\/","logo":{"@type":"ImageObject","inLanguage":"de","@id":"https:\/\/hrfactory.com\/#\/schema\/logo\/image\/","url":"https:\/\/hrfactory.com\/wp-content\/uploads\/2022\/11\/cropped-HR-factory-2.png","contentUrl":"https:\/\/hrfactory.com\/wp-content\/uploads\/2022\/11\/cropped-HR-factory-2.png","width":350,"height":55,"caption":"HR factory"},"image":{"@id":"https:\/\/hrfactory.com\/#\/schema\/logo\/image\/"}}]}},"featured_image_src":"https:\/\/hrfactory.com\/wp-content\/uploads\/2021\/07\/HR-factoy-HR-Expert-3-600x400.jpg","featured_image_src_square":"https:\/\/hrfactory.com\/wp-content\/uploads\/2021\/07\/HR-factoy-HR-Expert-3-600x600.jpg","uagb_featured_image_src":{"full":["https:\/\/hrfactory.com\/wp-content\/uploads\/2021\/07\/HR-factoy-HR-Expert-3.jpg",1500,1000,false],"thumbnail":["https:\/\/hrfactory.com\/wp-content\/uploads\/2021\/07\/HR-factoy-HR-Expert-3-150x150.jpg",150,150,true],"medium":["https:\/\/hrfactory.com\/wp-content\/uploads\/2021\/07\/HR-factoy-HR-Expert-3-300x200.jpg",300,200,true],"medium_large":["https:\/\/hrfactory.com\/wp-content\/uploads\/2021\/07\/HR-factoy-HR-Expert-3-768x512.jpg",640,427,true],"large":["https:\/\/hrfactory.com\/wp-content\/uploads\/2021\/07\/HR-factoy-HR-Expert-3-1024x683.jpg",640,427,true],"1536x1536":["https:\/\/hrfactory.com\/wp-content\/uploads\/2021\/07\/HR-factoy-HR-Expert-3.jpg",1500,1000,false],"2048x2048":["https:\/\/hrfactory.com\/wp-content\/uploads\/2021\/07\/HR-factoy-HR-Expert-3.jpg",1500,1000,false],"mediumsquare":["https:\/\/hrfactory.com\/wp-content\/uploads\/2021\/07\/HR-factoy-HR-Expert-3-300x300.jpg",300,300,true],"gb-block-post-grid-landscape":["https:\/\/hrfactory.com\/wp-content\/uploads\/2021\/07\/HR-factoy-HR-Expert-3-600x400.jpg",600,400,true],"gb-block-post-grid-square":["https:\/\/hrfactory.com\/wp-content\/uploads\/2021\/07\/HR-factoy-HR-Expert-3-600x600.jpg",600,600,true],"ds-block-postgrid-landscape":["https:\/\/hrfactory.com\/wp-content\/uploads\/2021\/07\/HR-factoy-HR-Expert-3-600x400.jpg",600,400,true],"ds-block-postgrid-square":["https:\/\/hrfactory.com\/wp-content\/uploads\/2021\/07\/HR-factoy-HR-Expert-3-600x600.jpg",600,600,true]},"uagb_author_info":{"display_name":"HR factory","author_link":"https:\/\/hrfactory.com\/de\/author\/jan\/"},"uagb_comment_info":0,"uagb_excerpt":"UNSERE HR EXPERTS STEHEN F\u00dcR QUALIT\u00c4T. EXPERTISE. FLEXIBILIT\u00c4T. UNSERE HR EXPERTS. AUF AUGENH\u00d6HE. Mit wem arbeitest du zuk\u00fcnftig zusammen? Wir stellen uns gerne vor.Uns als HR Experts treibt die pers\u00f6nliche Begeisterung f\u00fcr HR... Weiterlesen","_links":{"self":[{"href":"https:\/\/hrfactory.com\/de\/wp-json\/wp\/v2\/pages\/5424"}],"collection":[{"href":"https:\/\/hrfactory.com\/de\/wp-json\/wp\/v2\/pages"}],"about":[{"href":"https:\/\/hrfactory.com\/de\/wp-json\/wp\/v2\/types\/page"}],"author":[{"embeddable":true,"href":"https:\/\/hrfactory.com\/de\/wp-json\/wp\/v2\/users\/1"}],"replies":[{"embeddable":true,"href":"https:\/\/hrfactory.com\/de\/wp-json\/wp\/v2\/comments?post=5424"}],"version-history":[{"count":36,"href":"https:\/\/hrfactory.com\/de\/wp-json\/wp\/v2\/pages\/5424\/revisions"}],"predecessor-version":[{"id":18430,"href":"https:\/\/hrfactory.com\/de\/wp-json\/wp\/v2\/pages\/5424\/revisions\/18430"}],"up":[{"embeddable":true,"href":"https:\/\/hrfactory.com\/de\/wp-json\/wp\/v2\/pages\/77"}],"wp:featuredmedia":[{"embeddable":true,"href":"https:\/\/hrfactory.com\/de\/wp-json\/wp\/v2\/media\/10610"}],"wp:attachment":[{"href":"https:\/\/hrfactory.com\/de\/wp-json\/wp\/v2\/media?parent=5424"}],"curies":[{"name":"wp","href":"https:\/\/api.w.org\/{rel}","templated":true}]}}